{"id":381,"date":"2013-06-22T13:06:56","date_gmt":"2013-06-22T13:06:56","guid":{"rendered":"http:\/\/www.musikschule-muehldorf.de\/?page_id=381"},"modified":"2025-06-06T11:43:34","modified_gmt":"2025-06-06T09:43:34","slug":"anmeldemodus","status":"publish","type":"page","link":"https:\/\/www.musikschule-muehldorf.de\/?page_id=381","title":{"rendered":"Anmeldung"},"content":{"rendered":"\t\t<div data-elementor-type=\"wp-page\" data-elementor-id=\"381\" class=\"elementor elementor-381\">\n\t\t\t\t\t\t<section class=\"elementor-section elementor-top-section elementor-element elementor-element-100cf52 elementor-section-boxed elementor-section-height-default elementor-section-height-default wpr-particle-no wpr-jarallax-no wpr-parallax-no wpr-sticky-section-no wpr-column-slider-no wpr-equal-height-no\" data-id=\"100cf52\" data-element_type=\"section\" data-e-type=\"section\">\n\t\t\t\t\t\t<div class=\"elementor-container elementor-column-gap-default\">\n\t\t\t\t\t<div class=\"elementor-column elementor-col-100 elementor-top-column elementor-element elementor-element-12b5457\" data-id=\"12b5457\" data-element_type=\"column\" data-e-type=\"column\">\n\t\t\t<div class=\"elementor-widget-wrap elementor-element-populated\">\n\t\t\t\t\t\t<div class=\"elementor-element elementor-element-3596ac2 elementor-widget elementor-widget-text-editor\" data-id=\"3596ac2\" data-element_type=\"widget\" data-e-type=\"widget\" data-widget_type=\"text-editor.default\">\n\t\t\t\t<div class=\"elementor-widget-container\">\n\t\t\t\t\t\t\t\t\t<p><strong>Bereits bestehende Unterrichtsvertr\u00e4ge<\/strong> verl\u00e4ngern sich automatisch um jeweils ein weiteres Schuljahr in ihrem bestehenden Umfang, wenn sie nicht bis sp\u00e4testens Ende Juli 2022 gek\u00fcndigt wurden. Die Anmeldung zum Instrumental-, Vokal-, Ensemble- und Theorieunterricht wird durch den vollst\u00e4ndig ausgef\u00fcllten und unterschriebenen Anmeldebogen g\u00fcltig. (Einzugserm\u00e4chtigung und Unterschrift des vollj\u00e4hrigen Sch\u00fclers bzw. eines Erziehungsberechtigten.)<\/p>\t\t\t\t\t\t\t\t<\/div>\n\t\t\t\t<\/div>\n\t\t\t\t\t<\/div>\n\t\t<\/div>\n\t\t\t\t\t<\/div>\n\t\t<\/section>\n\t\t\t\t<section class=\"elementor-section elementor-top-section elementor-element elementor-element-2d4786c elementor-section-boxed elementor-section-height-default elementor-section-height-default wpr-particle-no wpr-jarallax-no wpr-parallax-no wpr-sticky-section-no wpr-column-slider-no wpr-equal-height-no\" data-id=\"2d4786c\" data-element_type=\"section\" data-e-type=\"section\">\n\t\t\t\t\t\t<div class=\"elementor-container elementor-column-gap-default\">\n\t\t\t\t\t<div class=\"elementor-column elementor-col-100 elementor-top-column elementor-element elementor-element-cb6503c\" data-id=\"cb6503c\" data-element_type=\"column\" data-e-type=\"column\">\n\t\t\t<div class=\"elementor-widget-wrap elementor-element-populated\">\n\t\t\t\t\t\t<div class=\"elementor-element elementor-element-b93c22b elementor-widget elementor-widget-text-editor\" data-id=\"b93c22b\" data-element_type=\"widget\" data-e-type=\"widget\" data-widget_type=\"text-editor.default\">\n\t\t\t\t<div class=\"elementor-widget-container\">\n\t\t\t\t\t\t\t\t\t<p>Spezielle Lehrerw\u00fcnsche k\u00f6nnen unter <em>&#8222;besondere W\u00fcnsche und Anregungen&#8220;<\/em> angegeben werden und werden nach M\u00f6glichkeit ber\u00fccksichtigt;\u00a0 die endg\u00fcltige Einteilung erfolgt aber durch die Musikschulleitung, es besteht kein Anspruch, den Unterricht bei einem bestimmten Lehrer zu erhalten.<\/p>\t\t\t\t\t\t\t\t<\/div>\n\t\t\t\t<\/div>\n\t\t\t\t\t<\/div>\n\t\t<\/div>\n\t\t\t\t\t<\/div>\n\t\t<\/section>\n\t\t\t\t<section class=\"elementor-section elementor-top-section elementor-element elementor-element-f257074 elementor-section-boxed elementor-section-height-default elementor-section-height-default wpr-particle-no wpr-jarallax-no wpr-parallax-no wpr-sticky-section-no wpr-column-slider-no wpr-equal-height-no\" data-id=\"f257074\" data-element_type=\"section\" data-e-type=\"section\">\n\t\t\t\t\t\t<div class=\"elementor-container elementor-column-gap-default\">\n\t\t\t\t\t<div class=\"elementor-column elementor-col-100 elementor-top-column elementor-element elementor-element-3809442\" data-id=\"3809442\" data-element_type=\"column\" data-e-type=\"column\">\n\t\t\t<div class=\"elementor-widget-wrap elementor-element-populated\">\n\t\t\t\t\t\t<div class=\"elementor-element elementor-element-6def054 elementor-widget elementor-widget-text-editor\" data-id=\"6def054\" data-element_type=\"widget\" data-e-type=\"widget\" data-widget_type=\"text-editor.default\">\n\t\t\t\t<div class=\"elementor-widget-container\">\n\t\t\t\t\t\t\t\t\t<p>Die Anmeldung erfolgt f\u00fcr ein komplettes Schuljahr; eine Beendigung des Unterrichtsvertrages ist w\u00e4hrend des Schuljahres nur in begr\u00fcndeten Ausnahmef\u00e4llen (Wegzug, Erkrankung) m\u00f6glich.<\/p>\t\t\t\t\t\t\t\t<\/div>\n\t\t\t\t<\/div>\n\t\t\t\t\t<\/div>\n\t\t<\/div>\n\t\t\t\t\t<\/div>\n\t\t<\/section>\n\t\t\t\t<section class=\"elementor-section elementor-top-section elementor-element elementor-element-9c8ebb9 elementor-section-boxed elementor-section-height-default elementor-section-height-default wpr-particle-no wpr-jarallax-no wpr-parallax-no wpr-sticky-section-no wpr-column-slider-no wpr-equal-height-no\" data-id=\"9c8ebb9\" data-element_type=\"section\" data-e-type=\"section\">\n\t\t\t\t\t\t<div class=\"elementor-container elementor-column-gap-default\">\n\t\t\t\t\t<div class=\"elementor-column elementor-col-100 elementor-top-column elementor-element elementor-element-ad0470b\" data-id=\"ad0470b\" data-element_type=\"column\" data-e-type=\"column\">\n\t\t\t<div class=\"elementor-widget-wrap elementor-element-populated\">\n\t\t\t\t\t\t<div class=\"elementor-element elementor-element-29bc4a3 elementor-widget elementor-widget-text-editor\" data-id=\"29bc4a3\" data-element_type=\"widget\" data-e-type=\"widget\" data-widget_type=\"text-editor.default\">\n\t\t\t\t<div class=\"elementor-widget-container\">\n\t\t\t\t\t\t\t\t\t<p>Die aktuelle Geb\u00fchrensatzung sowie das Anmeldeformular k\u00f6nnen unter <a href=\"https:\/\/www.musikschule-muehldorf.de\/?page_id=251\"><strong>Anmeldung &amp; Geb\u00fchrensatzung<\/strong><\/a> als PDF heruntergeladen werden.<\/p>\t\t\t\t\t\t\t\t<\/div>\n\t\t\t\t<\/div>\n\t\t\t\t\t<\/div>\n\t\t<\/div>\n\t\t\t\t\t<\/div>\n\t\t<\/section>\n\t\t\t\t<section class=\"elementor-section elementor-top-section elementor-element elementor-element-1513e92 elementor-section-boxed elementor-section-height-default elementor-section-height-default wpr-particle-no wpr-jarallax-no wpr-parallax-no wpr-sticky-section-no wpr-column-slider-no wpr-equal-height-no\" data-id=\"1513e92\" data-element_type=\"section\" data-e-type=\"section\">\n\t\t\t\t\t\t<div class=\"elementor-container elementor-column-gap-default\">\n\t\t\t\t\t<div class=\"elementor-column elementor-col-100 elementor-top-column elementor-element elementor-element-3ebd180\" data-id=\"3ebd180\" data-element_type=\"column\" data-e-type=\"column\">\n\t\t\t<div class=\"elementor-widget-wrap elementor-element-populated\">\n\t\t\t\t\t\t<div class=\"elementor-element elementor-element-7dc28ca elementor-widget elementor-widget-text-editor\" data-id=\"7dc28ca\" data-element_type=\"widget\" data-e-type=\"widget\" data-widget_type=\"text-editor.default\">\n\t\t\t\t<div class=\"elementor-widget-container\">\n\t\t\t\t\t\t\t\t\t<p>Die Grundgeb\u00fchr wird f\u00fcr alle M\u00fchldorfer Musiksch\u00fcler (gemeldeter 1. Wohnsitz laut Melderegister in M\u00fchldorf a. Inn) von der Stadt M\u00fchldorf a. Inn und f\u00fcr alle Musiksch\u00fcler aus Neumarkt-Sankt Veit (gemeldeter 1. Wohnsitz laut Melderegister in Neumarkt-Sankt Veit) von der Stadt Neumarkt-Sankt Veit als zus\u00e4tzliche F\u00f6rderung \u00fcbernommen.<\/p>\t\t\t\t\t\t\t\t<\/div>\n\t\t\t\t<\/div>\n\t\t\t\t\t<\/div>\n\t\t<\/div>\n\t\t\t\t\t<\/div>\n\t\t<\/section>\n\t\t\t\t<section class=\"elementor-section elementor-top-section elementor-element elementor-element-ca42a7c elementor-section-boxed elementor-section-height-default elementor-section-height-default wpr-particle-no wpr-jarallax-no wpr-parallax-no wpr-sticky-section-no wpr-column-slider-no wpr-equal-height-no\" data-id=\"ca42a7c\" data-element_type=\"section\" data-e-type=\"section\">\n\t\t\t\t\t\t<div class=\"elementor-container elementor-column-gap-default\">\n\t\t\t\t\t<div class=\"elementor-column elementor-col-100 elementor-top-column elementor-element elementor-element-cdd88a9\" data-id=\"cdd88a9\" data-element_type=\"column\" data-e-type=\"column\">\n\t\t\t<div class=\"elementor-widget-wrap elementor-element-populated\">\n\t\t\t\t\t\t<div class=\"elementor-element elementor-element-9f00225 elementor-widget elementor-widget-text-editor\" data-id=\"9f00225\" data-element_type=\"widget\" data-e-type=\"widget\" data-widget_type=\"text-editor.default\">\n\t\t\t\t<div class=\"elementor-widget-container\">\n\t\t\t\t\t\t\t\t\t<p>Die vollst\u00e4ndig ausgef\u00fcllte und unterschriebene Anmeldung kann pers\u00f6nlich abgegeben oder per Post eingesandt werden.<\/p>\t\t\t\t\t\t\t\t<\/div>\n\t\t\t\t<\/div>\n\t\t\t\t\t<\/div>\n\t\t<\/div>\n\t\t\t\t\t<\/div>\n\t\t<\/section>\n\t\t\t\t<section class=\"elementor-section elementor-top-section elementor-element elementor-element-80ab761 elementor-section-boxed elementor-section-height-default elementor-section-height-default wpr-particle-no wpr-jarallax-no wpr-parallax-no wpr-sticky-section-no wpr-column-slider-no wpr-equal-height-no\" data-id=\"80ab761\" data-element_type=\"section\" data-e-type=\"section\">\n\t\t\t\t\t\t<div class=\"elementor-container elementor-column-gap-default\">\n\t\t\t\t\t<div class=\"elementor-column elementor-col-50 elementor-top-column elementor-element elementor-element-8955f2d\" data-id=\"8955f2d\" data-element_type=\"column\" data-e-type=\"column\">\n\t\t\t<div class=\"elementor-widget-wrap elementor-element-populated\">\n\t\t\t\t\t\t<div class=\"elementor-element elementor-element-8f2ffff elementor-widget elementor-widget-text-editor\" data-id=\"8f2ffff\" data-element_type=\"widget\" data-e-type=\"widget\" data-widget_type=\"text-editor.default\">\n\t\t\t\t<div class=\"elementor-widget-container\">\n\t\t\t\t\t\t\t\t\t<p><em>Unsere Anschrift:<\/em><\/p>\t\t\t\t\t\t\t\t<\/div>\n\t\t\t\t<\/div>\n\t\t\t\t\t<\/div>\n\t\t<\/div>\n\t\t\t\t<div class=\"elementor-column elementor-col-50 elementor-top-column elementor-element elementor-element-6dd9d8c\" data-id=\"6dd9d8c\" data-element_type=\"column\" data-e-type=\"column\">\n\t\t\t<div class=\"elementor-widget-wrap elementor-element-populated\">\n\t\t\t\t\t\t<div class=\"elementor-element elementor-element-3d3cb15 elementor-widget elementor-widget-text-editor\" data-id=\"3d3cb15\" data-element_type=\"widget\" data-e-type=\"widget\" data-widget_type=\"text-editor.default\">\n\t\t\t\t<div class=\"elementor-widget-container\">\n\t\t\t\t\t\t\t\t\t<p><strong>St\u00e4dtische Musikschule M\u00fchldorf a. Inn<\/strong><\/p><p><strong> Luitpoldallee 23<\/strong><\/p><p><strong>84453 M\u00fchldorf a. Inn<\/strong><\/p>\t\t\t\t\t\t\t\t<\/div>\n\t\t\t\t<\/div>\n\t\t\t\t\t<\/div>\n\t\t<\/div>\n\t\t\t\t\t<\/div>\n\t\t<\/section>\n\t\t\t\t<section class=\"elementor-section elementor-top-section elementor-element elementor-element-c569c73 elementor-section-boxed elementor-section-height-default elementor-section-height-default wpr-particle-no wpr-jarallax-no wpr-parallax-no wpr-sticky-section-no wpr-column-slider-no wpr-equal-height-no\" data-id=\"c569c73\" data-element_type=\"section\" data-e-type=\"section\">\n\t\t\t\t\t\t<div class=\"elementor-container elementor-column-gap-default\">\n\t\t\t\t\t<div class=\"elementor-column elementor-col-100 elementor-top-column elementor-element elementor-element-8f9522c\" data-id=\"8f9522c\" data-element_type=\"column\" data-e-type=\"column\">\n\t\t\t<div class=\"elementor-widget-wrap elementor-element-populated\">\n\t\t\t\t\t\t<div class=\"elementor-element elementor-element-de19e52 elementor-widget elementor-widget-text-editor\" data-id=\"de19e52\" data-element_type=\"widget\" data-e-type=\"widget\" data-widget_type=\"text-editor.default\">\n\t\t\t\t<div class=\"elementor-widget-container\">\n\t\t\t\t\t\t\t\t\t<p>Die festgesetzte Jahresgeb\u00fchr wird ab dem Zeitpunkt der Bescheiderstellung in Monatsraten per Bankeinzug erhoben. In den Monaten August und September findet kein Geb\u00fchreneinzug statt.<\/p>\t\t\t\t\t\t\t\t<\/div>\n\t\t\t\t<\/div>\n\t\t\t\t\t<\/div>\n\t\t<\/div>\n\t\t\t\t\t<\/div>\n\t\t<\/section>\n\t\t\t\t<\/div>\n\t\t","protected":false},"excerpt":{"rendered":"<p>Das Musikschuljahr beginnt jeweils am 01.08. des jeweiligen Schuljahres und endet am 31.07. des Folgejahres. Bereits bestehende Unterrichtsvertr\u00e4ge verl\u00e4ngern sich automatisch um jeweils ein weiteres Schuljahr in ihrem bestehenden Umfang, wenn sie nicht bis sp\u00e4testens 25. Juli 2025 gek\u00fcndigt wurden. Die Anmeldung zum Instrumental-, Vokal-, Ensemble- und Theorieunterricht wird durch den vollst\u00e4ndig ausgef\u00fcllten und unterschriebenen Anmeldebogen g\u00fcltig. (Einzugserm\u00e4chtigung und Unterschrift des vollj\u00e4hrigen Sch\u00fclers bzw. beider Erziehungsberechtigten.) Spezielle Lehrerw\u00fcnsche k\u00f6nnen unter &#8222;besondere W\u00fcnsche und Anregungen&#8220; angegeben werden und werden nach M\u00f6glichkeit ber\u00fccksichtigt;&nbsp; die endg\u00fcltige Einteilung erfolgt aber durch die Musikschulleitung, es besteht kein Anspruch, den Unterricht bei einem bestimmten Lehrer zu erhalten. Die Anmeldung erfolgt f\u00fcr ein komplettes Schuljahr; eine Beendigung des Unterrichtsvertrages ist w\u00e4hrend des Schuljahres nur in begr\u00fcndeten Ausnahmef\u00e4llen (Wegzug, Erkrankung) m\u00f6glich. Die aktuelle Geb\u00fchrensatzung sowie das Anmeldeformular k\u00f6nnen unter Anmeldung &amp; Geb\u00fchrensatzung als PDF heruntergeladen werden. Die Grundgeb\u00fchr wird f\u00fcr alle M\u00fchldorfer Musiksch\u00fcler (gemeldeter 1. Wohnsitz laut Melderegister in M\u00fchldorf a. Inn) von der Stadt M\u00fchldorf a. Inn und f\u00fcr alle Musiksch\u00fcler aus Neumarkt-Sankt Veit (gemeldeter 1. Wohnsitz laut Melderegister in Neumarkt-Sankt Veit) von der Stadt Neumarkt-Sankt Veit als zus\u00e4tzliche F\u00f6rderung \u00fcbernommen. Die vollst\u00e4ndig ausgef\u00fcllte und unterschriebene Anmeldung kann pers\u00f6nlich abgegeben oder per Post eingesandt werden. Unsere Anschrift: St\u00e4dtische Musikschule M\u00fchldorf a. Inn Luitpoldallee 23 84453 M\u00fchldorf a. Inn Die festgesetzte Jahresgeb\u00fchr wird ab dem Zeitpunkt der Erstellung der Geb\u00fchrenbescheide in Monatsraten per Bankeinzug erhoben. In den Monaten August und September findet kein Geb\u00fchreneinzug statt.<\/p>\n","protected":false},"author":10,"featured_media":1338,"parent":0,"menu_order":0,"comment_status":"closed","ping_status":"closed","template":"","meta":{"ngg_post_thumbnail":0,"_price":"","_stock":"","_tribe_ticket_header":"","_tribe_default_ticket_provider":"","_tribe_ticket_capacity":"0","_ticket_start_date":"","_ticket_end_date":"","_tribe_ticket_show_description":"","_tribe_ticket_show_not_going":false,"_tribe_ticket_use_global_stock":"","_tribe_ticket_global_stock_level":"","_global_stock_mode":"","_global_stock_cap":"","_tribe_rsvp_for_event":"","_tribe_ticket_going_count":"","_tribe_ticket_not_going_count":"","_tribe_tickets_list":"[]","_tribe_ticket_has_attendee_info_fields":false,"footnotes":"","_tec_slr_enabled":"","_tec_slr_layout":""},"class_list":["post-381","page","type-page","status-publish","has-post-thumbnail","hentry"],"acf":[],"publishpress_future_action":{"enabled":false,"date":"2026-09-13 08:47:42","action":"change-status","newStatus":"draft","terms":[],"taxonomy":"","extraData":[]},"publishpress_future_workflow_manual_trigger":{"enabledWorkflows":[]},"ticketed":false,"_links":{"self":[{"href":"https:\/\/www.musikschule-muehldorf.de\/index.php?rest_route=\/wp\/v2\/pages\/381","targetHints":{"allow":["GET"]}}],"collection":[{"href":"https:\/\/www.musikschule-muehldorf.de\/index.php?rest_route=\/wp\/v2\/pages"}],"about":[{"href":"https:\/\/www.musikschule-muehldorf.de\/index.php?rest_route=\/wp\/v2\/types\/page"}],"author":[{"embeddable":true,"href":"https:\/\/www.musikschule-muehldorf.de\/index.php?rest_route=\/wp\/v2\/users\/10"}],"replies":[{"embeddable":true,"href":"https:\/\/www.musikschule-muehldorf.de\/index.php?rest_route=%2Fwp%2Fv2%2Fcomments&post=381"}],"version-history":[{"count":56,"href":"https:\/\/www.musikschule-muehldorf.de\/index.php?rest_route=\/wp\/v2\/pages\/381\/revisions"}],"predecessor-version":[{"id":2025,"href":"https:\/\/www.musikschule-muehldorf.de\/index.php?rest_route=\/wp\/v2\/pages\/381\/revisions\/2025"}],"wp:featuredmedia":[{"embeddable":true,"href":"https:\/\/www.musikschule-muehldorf.de\/index.php?rest_route=\/wp\/v2\/media\/1338"}],"wp:attachment":[{"href":"https:\/\/www.musikschule-muehldorf.de\/index.php?rest_route=%2Fwp%2Fv2%2Fmedia&parent=381"}],"curies":[{"name":"wp","href":"https:\/\/api.w.org\/{rel}","templated":true}]}}