{"id":255,"date":"2013-06-10T22:28:04","date_gmt":"2013-06-10T22:28:04","guid":{"rendered":"http:\/\/www.musikschule-muehldorf.de\/?page_id=255"},"modified":"2023-07-17T10:28:11","modified_gmt":"2023-07-17T08:28:11","slug":"historie","status":"publish","type":"page","link":"https:\/\/www.musikschule-muehldorf.de\/?page_id=255","title":{"rendered":"Historie"},"content":{"rendered":"\t\t<div data-elementor-type=\"wp-page\" data-elementor-id=\"255\" class=\"elementor elementor-255\">\n\t\t\t\t\t\t<section class=\"elementor-section elementor-top-section elementor-element elementor-element-40318b32 elementor-section-boxed elementor-section-height-default elementor-section-height-default wpr-particle-no wpr-jarallax-no wpr-parallax-no wpr-sticky-section-no wpr-column-slider-no wpr-equal-height-no\" data-id=\"40318b32\" data-element_type=\"section\" data-e-type=\"section\">\n\t\t\t\t\t\t<div class=\"elementor-container elementor-column-gap-default\">\n\t\t\t\t\t<div class=\"elementor-column elementor-col-100 elementor-top-column elementor-element elementor-element-61842e56\" data-id=\"61842e56\" data-element_type=\"column\" data-e-type=\"column\">\n\t\t\t<div class=\"elementor-widget-wrap elementor-element-populated\">\n\t\t\t\t\t\t<div class=\"elementor-element elementor-element-3dbc6eb6 elementor-widget elementor-widget-text-editor\" data-id=\"3dbc6eb6\" data-element_type=\"widget\" data-e-type=\"widget\" data-widget_type=\"text-editor.default\">\n\t\t\t\t<div class=\"elementor-widget-container\">\n\t\t\t\t\t\t\t\t\t<p>Als am 14.09.1972 im damaligen Kulturinfo <em>Treffpunkt M\u00fchldorf<\/em>\u00a0ein Fragebogen \u00fcber das Interesse an einer Musikschule in M\u00fchldorf erschien, meldeten sich 146 Interessenten. Damit wurde der Wunsch nach einer Musikschule in M\u00fchldorf dokumentiert und noch im gleichen Jahr begannen die ersten Kurse im Rahmen des VHS-Angebotes. In der Dezembersitzung des Stadtrates brachte der damalige Kulturreferent, Stadtrat Benedikt Ott folgenden Antrag ein:<\/p>\t\t\t\t\t\t\t\t<\/div>\n\t\t\t\t<\/div>\n\t\t\t\t\t<\/div>\n\t\t<\/div>\n\t\t\t\t\t<\/div>\n\t\t<\/section>\n\t\t\t\t<section class=\"elementor-section elementor-top-section elementor-element elementor-element-fa707df elementor-section-boxed elementor-section-height-default elementor-section-height-default wpr-particle-no wpr-jarallax-no wpr-parallax-no wpr-sticky-section-no wpr-column-slider-no wpr-equal-height-no\" data-id=\"fa707df\" data-element_type=\"section\" data-e-type=\"section\">\n\t\t\t\t\t\t<div class=\"elementor-container elementor-column-gap-default\">\n\t\t\t\t\t<div class=\"elementor-column elementor-col-100 elementor-top-column elementor-element elementor-element-7f9ce32\" data-id=\"7f9ce32\" data-element_type=\"column\" data-e-type=\"column\">\n\t\t\t<div class=\"elementor-widget-wrap elementor-element-populated\">\n\t\t\t\t\t\t<div class=\"elementor-element elementor-element-01435b0 elementor-widget elementor-widget-text-editor\" data-id=\"01435b0\" data-element_type=\"widget\" data-e-type=\"widget\" data-widget_type=\"text-editor.default\">\n\t\t\t\t<div class=\"elementor-widget-container\">\n\t\t\t\t\t\t\t\t\t<ol><li>Die Stadt M\u00fchldorf a.Inn soll die Tr\u00e4gerschaft einer zu gr\u00fcndenden Musikschule \u00fcbernehmen.<\/li><li>Es ist eine Planstelle f\u00fcr einen hauptamtlichen Leiter dieser Schule zu schaffen.<\/li><li>Durch eine \u00f6ffentliche Ausschreibung soll sich die Stadt unverz\u00fcglich um eine qualifizierte Kraft f\u00fcr diese Planstelle bem\u00fchen.<\/li><li>Eine Satzung soll erstellt werden, in der alle rechtlichen und organisatorischen Fragen geregelt werden.<\/li><\/ol>\t\t\t\t\t\t\t\t<\/div>\n\t\t\t\t<\/div>\n\t\t\t\t\t<\/div>\n\t\t<\/div>\n\t\t\t\t\t<\/div>\n\t\t<\/section>\n\t\t\t\t<section class=\"elementor-section elementor-top-section elementor-element elementor-element-58c9b78 elementor-section-boxed elementor-section-height-default elementor-section-height-default wpr-particle-no wpr-jarallax-no wpr-parallax-no wpr-sticky-section-no wpr-column-slider-no wpr-equal-height-no\" data-id=\"58c9b78\" data-element_type=\"section\" data-e-type=\"section\">\n\t\t\t\t\t\t<div class=\"elementor-container elementor-column-gap-default\">\n\t\t\t\t\t<div class=\"elementor-column elementor-col-100 elementor-top-column elementor-element elementor-element-216c3e9\" data-id=\"216c3e9\" data-element_type=\"column\" data-e-type=\"column\">\n\t\t\t<div class=\"elementor-widget-wrap elementor-element-populated\">\n\t\t\t\t\t\t<div class=\"elementor-element elementor-element-12ca80d elementor-widget elementor-widget-text-editor\" data-id=\"12ca80d\" data-element_type=\"widget\" data-e-type=\"widget\" data-widget_type=\"text-editor.default\">\n\t\t\t\t<div class=\"elementor-widget-container\">\n\t\t\t\t\t\t\t\t\t<p>Mit drei Gegenstimmen wurde der Antrag angenommen. Im darauf folgenden Jahr beschloss der Stadtrat eine Satzung f\u00fcr die Musikschule, deren kommissarischer Leiter Helmut Wagner wurde. Am 12.07.1973 wurde Heinz Bartos zum Musikschulleiter bestellt, dieses Amt f\u00fchrte er bis zu seiner Pensionierung im Februar 1995 aus. Im September 1973 wurden 18.000 Deutsche Mark f\u00fcr die Beschaffung von Instrumenten und Unterrichtsmittel zur Verf\u00fcgung gestellt.<\/p>\t\t\t\t\t\t\t\t<\/div>\n\t\t\t\t<\/div>\n\t\t\t\t\t<\/div>\n\t\t<\/div>\n\t\t\t\t\t<\/div>\n\t\t<\/section>\n\t\t\t\t<section class=\"elementor-section elementor-top-section elementor-element elementor-element-b95b7f8 elementor-section-boxed elementor-section-height-default elementor-section-height-default wpr-particle-no wpr-jarallax-no wpr-parallax-no wpr-sticky-section-no wpr-column-slider-no wpr-equal-height-no\" data-id=\"b95b7f8\" data-element_type=\"section\" data-e-type=\"section\">\n\t\t\t\t\t\t<div class=\"elementor-container elementor-column-gap-default\">\n\t\t\t\t\t<div class=\"elementor-column elementor-col-100 elementor-top-column elementor-element elementor-element-0ba738d\" data-id=\"0ba738d\" data-element_type=\"column\" data-e-type=\"column\">\n\t\t\t<div class=\"elementor-widget-wrap elementor-element-populated\">\n\t\t\t\t\t\t<div class=\"elementor-element elementor-element-abc1c63 elementor-widget elementor-widget-text-editor\" data-id=\"abc1c63\" data-element_type=\"widget\" data-e-type=\"widget\" data-widget_type=\"text-editor.default\">\n\t\t\t\t<div class=\"elementor-widget-container\">\n\t\t\t\t\t\t\t\t\t<p>Das B\u00fcro des Musikschulleiters befand sich im 1. Stock des Postgeb\u00e4udes am Stadtplatz 52. Die Unterrichtsr\u00e4ume waren \u00fcber das gesamte Stadtgebiet verstreut, da die Schule noch kein eigenes Geb\u00e4ude hatte. F\u00fcr die Spielschule (musikalische Fr\u00fcherziehung) wurden R\u00e4ume in der B\u00e4ckerei Kotter an der Innl\u00e4nde angemietet. Im Jahr 1975 besuchten insgesamt 367 Sch\u00fcler den Musikschulunterricht. Der Anteil der Sch\u00fcler aus den umliegenden St\u00e4dten und Gemeinden betrug damals 33%. Der Stadtrat beschloss daraufhin die Einf\u00fchrung eines Gastsch\u00fclerbeitrages. Im Januar 1978 gab der Stadtrat gr\u00fcnes Licht f\u00fcr den Einzug der St\u00e4dtischen Musikschule in das frei gewordene Franziskanerkloster hinter der Frauenkirche am Stadtplatz. Mit dieser Ma\u00dfnahme wurde ein eigenes Musikschulgeb\u00e4ude im Herzen der M\u00fchldorfer Altstadt geschaffen. Das Geb\u00e4ude war mit 12 Unterrichtsr\u00e4umen und einem Vortragssaal ausgestattet.<\/p>\t\t\t\t\t\t\t\t<\/div>\n\t\t\t\t<\/div>\n\t\t\t\t\t<\/div>\n\t\t<\/div>\n\t\t\t\t\t<\/div>\n\t\t<\/section>\n\t\t\t\t<section class=\"elementor-section elementor-top-section elementor-element elementor-element-b65b75a elementor-section-boxed elementor-section-height-default elementor-section-height-default wpr-particle-no wpr-jarallax-no wpr-parallax-no wpr-sticky-section-no wpr-column-slider-no wpr-equal-height-no\" data-id=\"b65b75a\" data-element_type=\"section\" data-e-type=\"section\">\n\t\t\t\t\t\t<div class=\"elementor-container elementor-column-gap-default\">\n\t\t\t\t\t<div class=\"elementor-column elementor-col-100 elementor-top-column elementor-element elementor-element-d3a99b8\" data-id=\"d3a99b8\" data-element_type=\"column\" data-e-type=\"column\">\n\t\t\t<div class=\"elementor-widget-wrap elementor-element-populated\">\n\t\t\t\t\t\t<div class=\"elementor-element elementor-element-a4ae418 elementor-widget elementor-widget-text-editor\" data-id=\"a4ae418\" data-element_type=\"widget\" data-e-type=\"widget\" data-widget_type=\"text-editor.default\">\n\t\t\t\t<div class=\"elementor-widget-container\">\n\t\t\t\t\t\t\t\t\t<p>Im Jahr 1989 errichtete die Stadt Neumarkt St. Veit eine Zweigstelle der St\u00e4dtischen Musikschule M\u00fchldorf a.Inn, die heute dort im Kulturbahnhof untergebracht ist und erm\u00f6glichte damit ihren B\u00fcrgern, ein qualifiziertes Musikschulangebot vor Ort zu nutzen.<\/p>\t\t\t\t\t\t\t\t<\/div>\n\t\t\t\t<\/div>\n\t\t\t\t\t<\/div>\n\t\t<\/div>\n\t\t\t\t\t<\/div>\n\t\t<\/section>\n\t\t\t\t<section class=\"elementor-section elementor-top-section elementor-element elementor-element-95a8f13 elementor-section-boxed elementor-section-height-default elementor-section-height-default wpr-particle-no wpr-jarallax-no wpr-parallax-no wpr-sticky-section-no wpr-column-slider-no wpr-equal-height-no\" data-id=\"95a8f13\" data-element_type=\"section\" data-e-type=\"section\">\n\t\t\t\t\t\t<div class=\"elementor-container elementor-column-gap-default\">\n\t\t\t\t\t<div class=\"elementor-column elementor-col-100 elementor-top-column elementor-element elementor-element-5070814\" data-id=\"5070814\" data-element_type=\"column\" data-e-type=\"column\">\n\t\t\t<div class=\"elementor-widget-wrap elementor-element-populated\">\n\t\t\t\t\t\t<div class=\"elementor-element elementor-element-c0bab40 elementor-widget elementor-widget-text-editor\" data-id=\"c0bab40\" data-element_type=\"widget\" data-e-type=\"widget\" data-widget_type=\"text-editor.default\">\n\t\t\t\t<div class=\"elementor-widget-container\">\n\t\t\t\t\t\t\t\t\t<p>Im Jahr 1990 entschloss sich die Gemeinde Schwindegg zu dem gleichen Schritt, k\u00fcndigte die Zweckvereinbarung aber leider wieder zum 1. August 1995.<\/p>\t\t\t\t\t\t\t\t<\/div>\n\t\t\t\t<\/div>\n\t\t\t\t\t<\/div>\n\t\t<\/div>\n\t\t\t\t\t<\/div>\n\t\t<\/section>\n\t\t\t\t<section class=\"elementor-section elementor-top-section elementor-element elementor-element-8a670a6 elementor-section-boxed elementor-section-height-default elementor-section-height-default wpr-particle-no wpr-jarallax-no wpr-parallax-no wpr-sticky-section-no wpr-column-slider-no wpr-equal-height-no\" data-id=\"8a670a6\" data-element_type=\"section\" data-e-type=\"section\">\n\t\t\t\t\t\t<div class=\"elementor-container elementor-column-gap-default\">\n\t\t\t\t\t<div class=\"elementor-column elementor-col-100 elementor-top-column elementor-element elementor-element-7e3e9b1\" data-id=\"7e3e9b1\" data-element_type=\"column\" data-e-type=\"column\">\n\t\t\t<div class=\"elementor-widget-wrap elementor-element-populated\">\n\t\t\t\t\t\t<div class=\"elementor-element elementor-element-6627fce elementor-widget elementor-widget-text-editor\" data-id=\"6627fce\" data-element_type=\"widget\" data-e-type=\"widget\" data-widget_type=\"text-editor.default\">\n\t\t\t\t<div class=\"elementor-widget-container\">\n\t\t\t\t\t\t\t\t\t<p>Nach dem Ausscheiden des langj\u00e4hrigen Musikschulleiters Heinz Bartos wurde die Musikschulleitung zum August 1995 neu ausgeschrieben. Der M\u00fchldorfer Stadtrat bestellte Thomas Breitsameter zum neuen Leiter der Einrichtung. 1998 konnten im ehemaligen Postgeb\u00e4ude am Stadtplatz 52 vier zus\u00e4tzliche Unterrichtsr\u00e4ume und 2003 nach dem Auszug der Post ein weiterer Probensaal geschaffen werden.<\/p>\t\t\t\t\t\t\t\t<\/div>\n\t\t\t\t<\/div>\n\t\t\t\t\t<\/div>\n\t\t<\/div>\n\t\t\t\t\t<\/div>\n\t\t<\/section>\n\t\t\t\t<section class=\"elementor-section elementor-top-section elementor-element elementor-element-4c4d46b elementor-section-boxed elementor-section-height-default elementor-section-height-default wpr-particle-no wpr-jarallax-no wpr-parallax-no wpr-sticky-section-no wpr-column-slider-no wpr-equal-height-no\" data-id=\"4c4d46b\" data-element_type=\"section\" data-e-type=\"section\">\n\t\t\t\t\t\t<div class=\"elementor-container elementor-column-gap-default\">\n\t\t\t\t\t<div class=\"elementor-column elementor-col-100 elementor-top-column elementor-element elementor-element-e888917\" data-id=\"e888917\" data-element_type=\"column\" data-e-type=\"column\">\n\t\t\t<div class=\"elementor-widget-wrap elementor-element-populated\">\n\t\t\t\t\t\t<div class=\"elementor-element elementor-element-7ece36a elementor-widget elementor-widget-text-editor\" data-id=\"7ece36a\" data-element_type=\"widget\" data-e-type=\"widget\" data-widget_type=\"text-editor.default\">\n\t\t\t\t<div class=\"elementor-widget-container\">\n\t\t\t\t\t\t\t\t\t<p>Im Februar 2011 wurde die Musikschule in die alte Knabenschule in der Luitpoldallee 23 umgesiedelt. Dieser Schritt war notwendig geworden, da der urspr\u00fcngliche Schulstandort der Ansiedelung des Bekleidungsgesch\u00e4ftes<em> H&amp;M<\/em> weichen musste. Die Knabenschule wurde im Dezember 2011 per Stadtratsbeschluss zum <em>Hans-Pr\u00e4hofer-Haus<\/em> ernannt. Die Stadt M\u00fchldorf a.Inn wollte damit ein Zeichen setzen, um die Erinnerung an den bedeutenden M\u00fchldorfer K\u00fcnstler nicht verblassen zu lassen. Die St\u00e4dtische Musikschule M\u00fchldorf a.Inn bildet das Kernst\u00fcck des M\u00fchldorfer Kulturlebens und ist nun r\u00e4umlich und ausstattungstechnisch optimal versorgt. In der Musikschule finden seit dem Jahr 2003 jeweils immer Anfang September auch die Meisterkurse der M\u00fchldorfer Sommerakademie statt. Das balinesische JEGOG (Bambusgamelan), das einzigartig in ganz Europa ist, hat hier ebenso seine Heimat gefunden wie der M\u00fchldorfer Gospelchor.<\/p>\t\t\t\t\t\t\t\t<\/div>\n\t\t\t\t<\/div>\n\t\t\t\t\t<\/div>\n\t\t<\/div>\n\t\t\t\t\t<\/div>\n\t\t<\/section>\n\t\t\t\t<section class=\"elementor-section elementor-top-section elementor-element elementor-element-d830426 elementor-section-boxed elementor-section-height-default elementor-section-height-default wpr-particle-no wpr-jarallax-no wpr-parallax-no wpr-sticky-section-no wpr-column-slider-no wpr-equal-height-no\" data-id=\"d830426\" data-element_type=\"section\" data-e-type=\"section\">\n\t\t\t\t\t\t<div class=\"elementor-container elementor-column-gap-default\">\n\t\t\t\t\t<div class=\"elementor-column elementor-col-100 elementor-top-column elementor-element elementor-element-f3e812c\" data-id=\"f3e812c\" data-element_type=\"column\" data-e-type=\"column\">\n\t\t\t<div class=\"elementor-widget-wrap elementor-element-populated\">\n\t\t\t\t\t\t<div class=\"elementor-element elementor-element-0b223c4 elementor-widget elementor-widget-text-editor\" data-id=\"0b223c4\" data-element_type=\"widget\" data-e-type=\"widget\" data-widget_type=\"text-editor.default\">\n\t\t\t\t<div class=\"elementor-widget-container\">\n\t\t\t\t\t\t\t\t\t<p>Auf den G\u00e4ngen des Hans-Pr\u00e4hofer-Hauses k\u00f6nnen insgesamt 37 Bilder von Hans Pr\u00e4hofer bewundert werden; die Kreissparkasse M\u00fchldorf \/ Alt\u00f6tting hat dankenswerterweise Reproduktionen ausgesuchter Werke zur Verf\u00fcgung gestellt, um die Namenswidmung <em>sichtbar<\/em> zu machen.<\/p>\t\t\t\t\t\t\t\t<\/div>\n\t\t\t\t<\/div>\n\t\t\t\t\t<\/div>\n\t\t<\/div>\n\t\t\t\t\t<\/div>\n\t\t<\/section>\n\t\t\t\t<section class=\"elementor-section elementor-top-section elementor-element elementor-element-50c05e1 elementor-section-boxed elementor-section-height-default elementor-section-height-default wpr-particle-no wpr-jarallax-no wpr-parallax-no wpr-sticky-section-no wpr-column-slider-no wpr-equal-height-no\" data-id=\"50c05e1\" data-element_type=\"section\" data-e-type=\"section\">\n\t\t\t\t\t\t<div class=\"elementor-container elementor-column-gap-default\">\n\t\t\t\t\t<div class=\"elementor-column elementor-col-100 elementor-top-column elementor-element elementor-element-a3fcc85\" data-id=\"a3fcc85\" data-element_type=\"column\" data-e-type=\"column\">\n\t\t\t<div class=\"elementor-widget-wrap elementor-element-populated\">\n\t\t\t\t\t\t<div class=\"elementor-element elementor-element-4d236b7 elementor-widget elementor-widget-text-editor\" data-id=\"4d236b7\" data-element_type=\"widget\" data-e-type=\"widget\" data-widget_type=\"text-editor.default\">\n\t\t\t\t<div class=\"elementor-widget-container\">\n\t\t\t\t\t\t\t\t\t<p>Im Juni 2016 hat das Hans-Pr\u00e4hofer-Haus von Werner Koller drei von Hans Pr\u00e4hofer gemalte Werbetafeln, die er Anfang der 60-er Jahre f\u00fcr das Haushaltswarengesch\u00e4ft des Wilhelm Koller angefertigt hatte, als Schenkung erhalten. Werner Koller hatte die Werbetafeln bei seiner Auswanderung nach Australien im Jahr 1983 als Andenken an seine Heimat mitgenommen. Der M\u00fchldorfer Stadtrat Max Oelmaier entdeckte die Kunstwerke bei seinem Besuch in Brisbane im Haus von Werner Koller und einigte sich mit ihm darauf, dass diese ihren Weg \u00fcber den Pazifik zur\u00fcck nach M\u00fchldorf a.Inn fanden, wo sie nun im Vortragsraum der St\u00e4dtischen Musikschule bewundert werden k\u00f6nnen.<\/p>\t\t\t\t\t\t\t\t<\/div>\n\t\t\t\t<\/div>\n\t\t\t\t\t<\/div>\n\t\t<\/div>\n\t\t\t\t\t<\/div>\n\t\t<\/section>\n\t\t\t\t<\/div>\n\t\t","protected":false},"excerpt":{"rendered":"<p>Als am 14.09.1972 im damaligen Kulturinfo Treffpunkt M\u00fchldorf&nbsp;ein Fragebogen \u00fcber das Interesse an einer Musikschule in M\u00fchldorf erschien, meldeten sich 146 Interessenten. Damit wurde der Wunsch nach einer Musikschule in M\u00fchldorf dokumentiert und noch im gleichen Jahr begannen die ersten Kurse im Rahmen des VHS-Angebotes. In der Dezembersitzung des Stadtrates brachte der damalige Kulturreferent, Stadtrat Benedikt Ott folgenden Antrag ein: Die Stadt M\u00fchldorf a.Inn soll die Tr\u00e4gerschaft einer zu gr\u00fcndenden Musikschule \u00fcbernehmen. Es ist eine Planstelle f\u00fcr einen hauptamtlichen Leiter dieser Schule zu schaffen. Durch eine \u00f6ffentliche Ausschreibung soll sich die Stadt unverz\u00fcglich um eine qualifizierte Kraft f\u00fcr diese Planstelle bem\u00fchen. Eine Satzung soll erstellt werden, in der alle rechtlichen und organisatorischen Fragen geregelt werden. Mit drei Gegenstimmen wurde der Antrag angenommen. Im darauf folgenden Jahr beschloss der Stadtrat eine Satzung f\u00fcr die Musikschule, deren kommissarischer Leiter Helmut Wagner wurde. Am 12.07.1973 wurde Heinz Bartos zum Musikschulleiter bestellt, dieses Amt f\u00fchrte er bis zu seiner Pensionierung im Februar 1995 aus. Im September 1973 wurden 18.000 Deutsche Mark f\u00fcr die Beschaffung von Instrumenten und Unterrichtsmittel zur Verf\u00fcgung gestellt. Das B\u00fcro des Musikschulleiters befand sich im 1. Stock des Postgeb\u00e4udes am Stadtplatz 52. Die Unterrichtsr\u00e4ume waren \u00fcber das gesamte Stadtgebiet verstreut, da die Schule noch kein eigenes Geb\u00e4ude hatte. F\u00fcr die Spielschule (musikalische Fr\u00fcherziehung) wurden R\u00e4ume in der B\u00e4ckerei Kotter an der Innl\u00e4nde angemietet. Im Jahr 1975 besuchten insgesamt 367 Sch\u00fcler den Musikschulunterricht. Der Anteil der Sch\u00fcler aus den umliegenden St\u00e4dten und Gemeinden betrug damals 33%. Der Stadtrat beschloss daraufhin die Einf\u00fchrung eines Gastsch\u00fclerbeitrages. Im Januar 1978 gab der Stadtrat gr\u00fcnes Licht f\u00fcr den Einzug der St\u00e4dtischen Musikschule in das frei gewordene Franziskanerkloster hinter der Frauenkirche am Stadtplatz. Mit dieser Ma\u00dfnahme wurde ein eigenes Musikschulgeb\u00e4ude im Herzen der M\u00fchldorfer Altstadt geschaffen. Das Geb\u00e4ude war mit 12 Unterrichtsr\u00e4umen und einem Vortragssaal ausgestattet. Im Jahr 1989 errichtete die Stadt Neumarkt St. Veit eine Zweigstelle der St\u00e4dtischen Musikschule M\u00fchldorf a.Inn, die heute dort im Kulturbahnhof untergebracht ist und erm\u00f6glichte damit ihren B\u00fcrgern, ein qualifiziertes Musikschulangebot vor Ort zu nutzen. Im Jahr 1990 entschloss sich die Gemeinde Schwindegg zu dem gleichen Schritt, k\u00fcndigte die Zweckvereinbarung aber leider wieder zum 1. August 1995. Nach dem Ausscheiden des langj\u00e4hrigen Musikschulleiters Heinz Bartos wurde die Musikschulleitung zum August 1995 neu ausgeschrieben. Der M\u00fchldorfer Stadtrat bestellte Thomas Breitsameter zum neuen Leiter der Einrichtung. 1998 konnten im ehemaligen Postgeb\u00e4ude am Stadtplatz 52 vier zus\u00e4tzliche Unterrichtsr\u00e4ume und 2003 nach dem Auszug der Post ein weiterer Probensaal geschaffen werden. Im Februar 2011 wurde die Musikschule in die alte Knabenschule in der Luitpoldallee 23 umgesiedelt. Dieser Schritt war notwendig geworden, da der urspr\u00fcngliche Schulstandort der Ansiedelung des Bekleidungsgesch\u00e4ftes H&amp;M weichen musste. Die Knabenschule wurde im Dezember 2011 per Stadtratsbeschluss zum Hans-Pr\u00e4hofer-Haus ernannt. Die Stadt M\u00fchldorf a.Inn wollte damit ein Zeichen setzen, um die Erinnerung an den bedeutenden M\u00fchldorfer K\u00fcnstler nicht verblassen zu lassen. Die St\u00e4dtische Musikschule M\u00fchldorf a.Inn bildet das Kernst\u00fcck des M\u00fchldorfer Kulturlebens und ist nun r\u00e4umlich und ausstattungstechnisch optimal versorgt. In der Musikschule finden seit dem Jahr 2003 jeweils immer Anfang September auch die Meisterkurse der M\u00fchldorfer Sommerakademie statt. Das balinesische JEGOG (Bambusgamelan), das einzigartig in ganz Europa ist, hat hier ebenso seine Heimat gefunden wie der M\u00fchldorfer Gospelchor. Auf den G\u00e4ngen des Hans-Pr\u00e4hofer-Hauses k\u00f6nnen insgesamt 37 Bilder von Hans Pr\u00e4hofer bewundert werden; die Kreissparkasse M\u00fchldorf \/ Alt\u00f6tting hat dankenswerterweise Reproduktionen ausgesuchter Werke zur Verf\u00fcgung gestellt, um die Namenswidmung sichtbar zu machen. Im Juni 2016 hat das Hans-Pr\u00e4hofer-Haus von Werner Koller drei von Hans Pr\u00e4hofer gemalte Werbetafeln, die er Anfang der 60-er Jahre f\u00fcr das Haushaltswarengesch\u00e4ft des Wilhelm Koller angefertigt hatte, als Schenkung erhalten. Werner Koller hatte die Werbetafeln bei seiner Auswanderung nach Australien im Jahr 1983 als Andenken an seine Heimat mitgenommen. Der M\u00fchldorfer Stadtrat Max Oelmaier entdeckte die Kunstwerke bei seinem Besuch in Brisbane im Haus von Werner Koller und einigte sich mit ihm darauf, dass diese ihren Weg \u00fcber den Pazifik zur\u00fcck nach M\u00fchldorf a.Inn fanden, wo sie nun im Vortragsraum der St\u00e4dtischen Musikschule bewundert werden k\u00f6nnen. In 2023 konnte die St\u00e4dtische Musikschule M\u00fchldorf a. Inn ihr 50-j\u00e4hriges Bestehen mit einer Reihe von Sonderveranstaltungen und Konzerten und einem Festakt feiern.<\/p>\n","protected":false},"author":10,"featured_media":1373,"parent":0,"menu_order":0,"comment_status":"closed","ping_status":"closed","template":"","meta":{"ngg_post_thumbnail":0,"_price":"","_stock":"","_tribe_ticket_header":"","_tribe_default_ticket_provider":"","_tribe_ticket_capacity":"0","_ticket_start_date":"","_ticket_end_date":"","_tribe_ticket_show_description":"","_tribe_ticket_show_not_going":false,"_tribe_ticket_use_global_stock":"","_tribe_ticket_global_stock_level":"","_global_stock_mode":"","_global_stock_cap":"","_tribe_rsvp_for_event":"","_tribe_ticket_going_count":"","_tribe_ticket_not_going_count":"","_tribe_tickets_list":"[]","_tribe_ticket_has_attendee_info_fields":false,"footnotes":"","_tec_slr_enabled":"","_tec_slr_layout":""},"class_list":["post-255","page","type-page","status-publish","has-post-thumbnail","hentry"],"acf":[],"publishpress_future_action":{"enabled":false,"date":"2026-09-13 09:29:57","action":"change-status","newStatus":"draft","terms":[],"taxonomy":"","extraData":[]},"publishpress_future_workflow_manual_trigger":{"enabledWorkflows":[]},"ticketed":false,"_links":{"self":[{"href":"https:\/\/www.musikschule-muehldorf.de\/index.php?rest_route=\/wp\/v2\/pages\/255","targetHints":{"allow":["GET"]}}],"collection":[{"href":"https:\/\/www.musikschule-muehldorf.de\/index.php?rest_route=\/wp\/v2\/pages"}],"about":[{"href":"https:\/\/www.musikschule-muehldorf.de\/index.php?rest_route=\/wp\/v2\/types\/page"}],"author":[{"embeddable":true,"href":"https:\/\/www.musikschule-muehldorf.de\/index.php?rest_route=\/wp\/v2\/users\/10"}],"replies":[{"embeddable":true,"href":"https:\/\/www.musikschule-muehldorf.de\/index.php?rest_route=%2Fwp%2Fv2%2Fcomments&post=255"}],"version-history":[{"count":14,"href":"https:\/\/www.musikschule-muehldorf.de\/index.php?rest_route=\/wp\/v2\/pages\/255\/revisions"}],"predecessor-version":[{"id":1972,"href":"https:\/\/www.musikschule-muehldorf.de\/index.php?rest_route=\/wp\/v2\/pages\/255\/revisions\/1972"}],"wp:featuredmedia":[{"embeddable":true,"href":"https:\/\/www.musikschule-muehldorf.de\/index.php?rest_route=\/wp\/v2\/media\/1373"}],"wp:attachment":[{"href":"https:\/\/www.musikschule-muehldorf.de\/index.php?rest_route=%2Fwp%2Fv2%2Fmedia&parent=255"}],"curies":[{"name":"wp","href":"https:\/\/api.w.org\/{rel}","templated":true}]}}